{"id":111,"date":"2022-10-19T13:10:13","date_gmt":"2022-10-19T11:10:13","guid":{"rendered":"https:\/\/www.taxi-meubles.ch\/?page_id=111"},"modified":"2025-01-07T12:45:14","modified_gmt":"2025-01-07T11:45:14","slug":"garde-meubles","status":"publish","type":"page","link":"https:\/\/www.taxi-meubles.ch\/fr\/garde-meubles\/","title":{"rendered":"Garde-Meubles"},"content":{"rendered":"<p>[et_pb_section fb_built=\u00a0\u00bb1&Prime; _builder_version=\u00a0\u00bb4.18.0&Prime; _module_preset=\u00a0\u00bbdefault\u00a0\u00bb custom_padding=\u00a0\u00bb10px|||||\u00a0\u00bb global_colors_info=\u00a0\u00bb{}\u00a0\u00bb][et_pb_row _builder_version=\u00a0\u00bb4.18.0&Prime; _module_preset=\u00a0\u00bbdefault\u00a0\u00bb global_colors_info=\u00a0\u00bb{}\u00a0\u00bb][et_pb_column type=\u00a0\u00bb4_4&Prime; _builder_version=\u00a0\u00bb4.18.0&Prime; _module_preset=\u00a0\u00bbdefault\u00a0\u00bb global_colors_info=\u00a0\u00bb{}\u00a0\u00bb][et_pb_text _builder_version=\u00a0\u00bb4.27.2&Prime; _module_preset=\u00a0\u00bbdefault\u00a0\u00bb header_text_color=\u00a0\u00bb#FFFFFF\u00a0\u00bb hover_enabled=\u00a0\u00bb0&Prime; global_colors_info=\u00a0\u00bb{}\u00a0\u00bb sticky_enabled=\u00a0\u00bb0&Prime;]<\/p>\n<h1 style=\"text-align: center;\"><span style=\"color: #000000;\">Service de Garde-Meubles s\u00e9curis\u00e9 et sur mesure avec Taxi-Meubles SA<\/span><\/h1>\n<p>[\/et_pb_text][et_pb_text _builder_version=\u00a0\u00bb4.27.2&Prime; _module_preset=\u00a0\u00bbdefault\u00a0\u00bb width=\u00a0\u00bb80%\u00a0\u00bb module_alignment=\u00a0\u00bbcenter\u00a0\u00bb hover_enabled=\u00a0\u00bb0&Prime; global_colors_info=\u00a0\u00bb{}\u00a0\u00bb sticky_enabled=\u00a0\u00bb0&Prime;]<\/p>\n<p>Le service de garde-meubles de Taxi-Meubles SA est con\u00e7u pour r\u00e9pondre \u00e0 vos besoins de stockage, qu\u2019ils soient temporaires ou \u00e0 long terme. Que vous ayez besoin d\u2019un espace pour quelques objets ou pour des volumes importants, nous mettons \u00e0 votre disposition des solutions sur mesure, alliant flexibilit\u00e9 et s\u00e9curit\u00e9.<\/p>\n<h3>Pourquoi choisir le service de garde-meubles de Taxi-Meubles SA ?<\/h3>\n<p>Notre offre de garde-meubles s\u2019adresse aux particuliers comme aux professionnels, avec des avantages qui garantissent votre tranquillit\u00e9 :<\/p>\n<ul>\n<li><strong>Stockage temporaire ou longue dur\u00e9e<\/strong> : Une solution id\u00e9ale pour un d\u00e9m\u00e9nagement, une r\u00e9novation, ou simplement pour gagner de l\u2019espace chez vous.<\/li>\n<li><strong>Espaces personnalis\u00e9s<\/strong> : Que vous ayez besoin d\u2019une petite surface ou d\u2019un conteneur complet, nous adaptons nos solutions \u00e0 vos besoins sp\u00e9cifiques.<\/li>\n<li><strong>S\u00e9curit\u00e9 optimale<\/strong> : Vos effets personnels sont entrepos\u00e9s dans des d\u00e9p\u00f4ts surveill\u00e9s et parfaitement adapt\u00e9s \u00e0 leur conservation.<\/li>\n<li><strong>Acc\u00e8s simplifi\u00e9<\/strong> : Vous avez la possibilit\u00e9 de consulter, manipuler ou r\u00e9cup\u00e9rer vos affaires facilement. Notre \u00e9quipe est disponible pour vous assister sur place.<\/li>\n<\/ul>\n<h3>Une prise en charge compl\u00e8te pour vos biens<\/h3>\n<p>En choisissant Taxi-Meubles SA, vous b\u00e9n\u00e9ficiez d\u2019un service cl\u00e9 en main. Nous prenons en charge :<\/p>\n<ul>\n<li><strong>Le transport<\/strong> : Nous nous occupons de la collecte de vos biens pour les acheminer vers nos entrep\u00f4ts en toute s\u00e9curit\u00e9.<\/li>\n<li><strong>L\u2019emballage<\/strong> : Nos professionnels utilisent des mat\u00e9riaux adapt\u00e9s pour prot\u00e9ger vos meubles et effets personnels.<\/li>\n<li><strong>Le stockage<\/strong> : Chaque objet est trait\u00e9 avec soin pour garantir sa conservation optimale durant toute la p\u00e9riode d\u2019entreposage.<\/li>\n<\/ul>\n<h3>Une solution \u00e9coresponsable<\/h3>\n<p>En plus de notre engagement envers la s\u00e9curit\u00e9 de vos biens, nous adoptons une approche respectueuse de l\u2019environnement. Nous collaborons avec des partenaires sp\u00e9cialis\u00e9s dans le recyclage et la revalorisation des objets inutilis\u00e9s. D\u00e9couvrez-en plus sur <a rel=\"noopener\" target=\"_new\"><span>notre<\/span><span> service<\/span><span> de<\/span><\/a><a href=\"https:\/\/www.taxi-meubles.ch\/fr\/recyclage-de-mobilier\/\" target=\"_blank\" rel=\"noopener\"><span> recyclage<\/span><span> de<\/span><span> mobilier<\/span>. <\/a>D\u00e9couvrez les bonnes pratiques en mati\u00e8re de recyclage sur le site officiel de l&rsquo;<a href=\"https:\/\/www.vd.ch\/environnement\/durabilite\/portail-communes-durables\/themes-de-la-durabilite\/dechets\" target=\"_blank\" rel=\"noopener\">Etat de Vaud.<\/a><\/p>\n<h3>Contactez-nous<\/h3>\n<p>Besoin de plus d\u2019informations ou d\u2019un devis personnalis\u00e9 ? N\u2019h\u00e9sitez pas \u00e0 nous contacter via notre <strong><a rel=\"noopener\" target=\"_blank\" href=\"https:\/\/www.taxi-meubles.ch\/fr\/contact\/\"><span>formulaire<\/span><span> de contact<\/span><\/a><\/strong>. Vous pouvez \u00e9galement visiter notre page d\u00e9di\u00e9e au <strong><a rel=\"noopener\" target=\"_blank\" href=\"https:\/\/www.taxi-meubles.ch\/fr\/entreprise-demenagement-suisse\/\"><span>d\u00e9m\u00e9nagement<\/span><span> sur<\/span><span> mesure<\/span><\/a><\/strong> pour explorer nos autres services.<\/p>\n<p>[\/et_pb_text][et_pb_button button_url=\u00a0\u00bbhttps:\/\/www.taxi-meubles.ch\/contact\/\u00a0\u00bb button_text=\u00a0\u00bbNous contacter\u00a0\u00bb button_alignment=\u00a0\u00bbcenter\u00a0\u00bb _builder_version=\u00a0\u00bb4.18.0&Prime; _module_preset=\u00a0\u00bbdefault\u00a0\u00bb custom_button=\u00a0\u00bbon\u00a0\u00bb button_bg_color=\u00a0\u00bb#C42815&Prime; button_border_color=\u00a0\u00bb#C42815&Prime; button_use_icon=\u00a0\u00bboff\u00a0\u00bb global_colors_info=\u00a0\u00bb{}\u00a0\u00bb button_text_color__hover_enabled=\u00a0\u00bbon|hover\u00a0\u00bb button_text_color__hover=\u00a0\u00bb#C42815&Prime; button_bg_color__hover_enabled=\u00a0\u00bbon|hover\u00a0\u00bb button_bg_color__hover=\u00a0\u00bb#FFFFFF\u00a0\u00bb button_bg_enable_color__hover=\u00a0\u00bbon\u00a0\u00bb][\/et_pb_button][\/et_pb_column][\/et_pb_row][et_pb_row _builder_version=\u00a0\u00bb4.27.2&Prime; _module_preset=\u00a0\u00bbdefault\u00a0\u00bb global_colors_info=\u00a0\u00bb{}\u00a0\u00bb][et_pb_column type=\u00a0\u00bb4_4&Prime; _builder_version=\u00a0\u00bb4.27.2&Prime; _module_preset=\u00a0\u00bbdefault\u00a0\u00bb global_colors_info=\u00a0\u00bb{}\u00a0\u00bb][et_pb_gallery gallery_ids=\u00a0\u00bb1574,1342&Prime; _builder_version=\u00a0\u00bb4.27.2&Prime; _module_preset=\u00a0\u00bbdefault\u00a0\u00bb global_colors_info=\u00a0\u00bb{}\u00a0\u00bb][\/et_pb_gallery][\/et_pb_column][\/et_pb_row][\/et_pb_section]<\/p>\n","protected":false},"excerpt":{"rendered":"<p>Service de Garde-Meubles s\u00e9curis\u00e9 et sur mesure avec Taxi-Meubles SALe service de garde-meubles de Taxi-Meubles SA est con\u00e7u pour r\u00e9pondre \u00e0 vos besoins de stockage, qu\u2019ils soient temporaires ou \u00e0 long terme. Que vous ayez besoin d\u2019un espace pour quelques objets ou pour des volumes importants, nous mettons \u00e0 votre disposition des solutions sur mesure, [&hellip;]<\/p>\n","protected":false},"author":3,"featured_media":0,"parent":0,"menu_order":0,"comment_status":"closed","ping_status":"closed","template":"","meta":{"_et_pb_use_builder":"on","_et_pb_old_content":"","_et_gb_content_width":"","footnotes":""},"class_list":["post-111","page","type-page","status-publish","hentry"],"yoast_head":"<!-- This site is optimized with the Yoast SEO plugin v27.1.1 - https:\/\/yoast.com\/product\/yoast-seo-wordpress\/ -->\n<title>Garde-Meubles Solutions de Stockage - Taxi Meubles<\/title>\n<meta name=\"description\" content=\"Stockez vos biens avec Taxi-Meubles. Solutions de garde-meubles flexibles et assistance compl\u00e8te pour vos besoins de stockage.\" \/>\n<meta name=\"robots\" content=\"index, follow, max-snippet:-1, max-image-preview:large, max-video-preview:-1\" \/>\n<link rel=\"canonical\" href=\"https:\/\/www.taxi-meubles.ch\/fr\/garde-meubles\/\" \/>\n<meta property=\"og:locale\" content=\"fr_FR\" \/>\n<meta property=\"og:type\" content=\"article\" \/>\n<meta property=\"og:title\" content=\"Garde-Meubles Solutions de Stockage - Taxi Meubles\" \/>\n<meta property=\"og:description\" content=\"Stockez vos biens avec Taxi-Meubles. Solutions de garde-meubles flexibles et assistance compl\u00e8te pour vos besoins de stockage.\" \/>\n<meta property=\"og:url\" content=\"https:\/\/www.taxi-meubles.ch\/fr\/garde-meubles\/\" \/>\n<meta property=\"og:site_name\" content=\"Taxi Meubles\" \/>\n<meta property=\"article:publisher\" content=\"https:\/\/www.facebook.com\/Duperrex-Frres-Taxi-Meubles-408761332652693\/\" \/>\n<meta property=\"article:modified_time\" content=\"2025-01-07T11:45:14+00:00\" \/>\n<meta name=\"twitter:card\" content=\"summary_large_image\" \/>\n<meta name=\"twitter:label1\" content=\"Dur\u00e9e de lecture estim\u00e9e\" \/>\n\t<meta name=\"twitter:data1\" content=\"2 minutes\" \/>\n<script type=\"application\/ld+json\" class=\"yoast-schema-graph\">{\"@context\":\"https:\/\/schema.org\",\"@graph\":[{\"@type\":\"WebPage\",\"@id\":\"https:\/\/www.taxi-meubles.ch\/fr\/garde-meubles\/\",\"url\":\"https:\/\/www.taxi-meubles.ch\/fr\/garde-meubles\/\",\"name\":\"Garde-Meubles Solutions de Stockage - Taxi Meubles\",\"isPartOf\":{\"@id\":\"https:\/\/www.taxi-meubles.ch\/fr\/#website\"},\"datePublished\":\"2022-10-19T11:10:13+00:00\",\"dateModified\":\"2025-01-07T11:45:14+00:00\",\"description\":\"Stockez vos biens avec Taxi-Meubles. Solutions de garde-meubles flexibles et assistance compl\u00e8te pour vos besoins de stockage.\",\"breadcrumb\":{\"@id\":\"https:\/\/www.taxi-meubles.ch\/fr\/garde-meubles\/#breadcrumb\"},\"inLanguage\":\"fr-FR\",\"potentialAction\":[{\"@type\":\"ReadAction\",\"target\":[\"https:\/\/www.taxi-meubles.ch\/fr\/garde-meubles\/\"]}]},{\"@type\":\"BreadcrumbList\",\"@id\":\"https:\/\/www.taxi-meubles.ch\/fr\/garde-meubles\/#breadcrumb\",\"itemListElement\":[{\"@type\":\"ListItem\",\"position\":1,\"name\":\"Accueil\",\"item\":\"https:\/\/www.taxi-meubles.ch\/fr\/\"},{\"@type\":\"ListItem\",\"position\":2,\"name\":\"Garde-Meubles\"}]},{\"@type\":\"WebSite\",\"@id\":\"https:\/\/www.taxi-meubles.ch\/fr\/#website\",\"url\":\"https:\/\/www.taxi-meubles.ch\/fr\/\",\"name\":\"Taxi Meubles\",\"description\":\"\u00c7a d\u00e9m\u00e9nage !\",\"publisher\":{\"@id\":\"https:\/\/www.taxi-meubles.ch\/fr\/#organization\"},\"potentialAction\":[{\"@type\":\"SearchAction\",\"target\":{\"@type\":\"EntryPoint\",\"urlTemplate\":\"https:\/\/www.taxi-meubles.ch\/fr\/?s={search_term_string}\"},\"query-input\":{\"@type\":\"PropertyValueSpecification\",\"valueRequired\":true,\"valueName\":\"search_term_string\"}}],\"inLanguage\":\"fr-FR\"},{\"@type\":\"Organization\",\"@id\":\"https:\/\/www.taxi-meubles.ch\/fr\/#organization\",\"name\":\"Taxi Meubles SA\",\"url\":\"https:\/\/www.taxi-meubles.ch\/fr\/\",\"logo\":{\"@type\":\"ImageObject\",\"inLanguage\":\"fr-FR\",\"@id\":\"https:\/\/www.taxi-meubles.ch\/fr\/#\/schema\/logo\/image\/\",\"url\":\"https:\/\/www.taxi-meubles.ch\/wp-content\/uploads\/2022\/10\/taxi-meubles-logo-600.png\",\"contentUrl\":\"https:\/\/www.taxi-meubles.ch\/wp-content\/uploads\/2022\/10\/taxi-meubles-logo-600.png\",\"width\":596,\"height\":131,\"caption\":\"Taxi Meubles SA\"},\"image\":{\"@id\":\"https:\/\/www.taxi-meubles.ch\/fr\/#\/schema\/logo\/image\/\"},\"sameAs\":[\"https:\/\/www.facebook.com\/Duperrex-Frres-Taxi-Meubles-408761332652693\/\",\"https:\/\/www.linkedin.com\/company\/11111557\/\"]}]}<\/script>\n<!-- \/ Yoast SEO plugin. -->","yoast_head_json":{"title":"Garde-Meubles Solutions de Stockage - Taxi Meubles","description":"Stockez vos biens avec Taxi-Meubles. Solutions de garde-meubles flexibles et assistance compl\u00e8te pour vos besoins de stockage.","robots":{"index":"index","follow":"follow","max-snippet":"max-snippet:-1","max-image-preview":"max-image-preview:large","max-video-preview":"max-video-preview:-1"},"canonical":"https:\/\/www.taxi-meubles.ch\/fr\/garde-meubles\/","og_locale":"fr_FR","og_type":"article","og_title":"Garde-Meubles Solutions de Stockage - Taxi Meubles","og_description":"Stockez vos biens avec Taxi-Meubles. Solutions de garde-meubles flexibles et assistance compl\u00e8te pour vos besoins de stockage.","og_url":"https:\/\/www.taxi-meubles.ch\/fr\/garde-meubles\/","og_site_name":"Taxi Meubles","article_publisher":"https:\/\/www.facebook.com\/Duperrex-Frres-Taxi-Meubles-408761332652693\/","article_modified_time":"2025-01-07T11:45:14+00:00","twitter_card":"summary_large_image","twitter_misc":{"Dur\u00e9e de lecture estim\u00e9e":"2 minutes"},"schema":{"@context":"https:\/\/schema.org","@graph":[{"@type":"WebPage","@id":"https:\/\/www.taxi-meubles.ch\/fr\/garde-meubles\/","url":"https:\/\/www.taxi-meubles.ch\/fr\/garde-meubles\/","name":"Garde-Meubles Solutions de Stockage - Taxi Meubles","isPartOf":{"@id":"https:\/\/www.taxi-meubles.ch\/fr\/#website"},"datePublished":"2022-10-19T11:10:13+00:00","dateModified":"2025-01-07T11:45:14+00:00","description":"Stockez vos biens avec Taxi-Meubles. Solutions de garde-meubles flexibles et assistance compl\u00e8te pour vos besoins de stockage.","breadcrumb":{"@id":"https:\/\/www.taxi-meubles.ch\/fr\/garde-meubles\/#breadcrumb"},"inLanguage":"fr-FR","potentialAction":[{"@type":"ReadAction","target":["https:\/\/www.taxi-meubles.ch\/fr\/garde-meubles\/"]}]},{"@type":"BreadcrumbList","@id":"https:\/\/www.taxi-meubles.ch\/fr\/garde-meubles\/#breadcrumb","itemListElement":[{"@type":"ListItem","position":1,"name":"Accueil","item":"https:\/\/www.taxi-meubles.ch\/fr\/"},{"@type":"ListItem","position":2,"name":"Garde-Meubles"}]},{"@type":"WebSite","@id":"https:\/\/www.taxi-meubles.ch\/fr\/#website","url":"https:\/\/www.taxi-meubles.ch\/fr\/","name":"Taxi Meubles","description":"\u00c7a d\u00e9m\u00e9nage !","publisher":{"@id":"https:\/\/www.taxi-meubles.ch\/fr\/#organization"},"potentialAction":[{"@type":"SearchAction","target":{"@type":"EntryPoint","urlTemplate":"https:\/\/www.taxi-meubles.ch\/fr\/?s={search_term_string}"},"query-input":{"@type":"PropertyValueSpecification","valueRequired":true,"valueName":"search_term_string"}}],"inLanguage":"fr-FR"},{"@type":"Organization","@id":"https:\/\/www.taxi-meubles.ch\/fr\/#organization","name":"Taxi Meubles SA","url":"https:\/\/www.taxi-meubles.ch\/fr\/","logo":{"@type":"ImageObject","inLanguage":"fr-FR","@id":"https:\/\/www.taxi-meubles.ch\/fr\/#\/schema\/logo\/image\/","url":"https:\/\/www.taxi-meubles.ch\/wp-content\/uploads\/2022\/10\/taxi-meubles-logo-600.png","contentUrl":"https:\/\/www.taxi-meubles.ch\/wp-content\/uploads\/2022\/10\/taxi-meubles-logo-600.png","width":596,"height":131,"caption":"Taxi Meubles SA"},"image":{"@id":"https:\/\/www.taxi-meubles.ch\/fr\/#\/schema\/logo\/image\/"},"sameAs":["https:\/\/www.facebook.com\/Duperrex-Frres-Taxi-Meubles-408761332652693\/","https:\/\/www.linkedin.com\/company\/11111557\/"]}]}},"_links":{"self":[{"href":"https:\/\/www.taxi-meubles.ch\/fr\/wp-json\/wp\/v2\/pages\/111","targetHints":{"allow":["GET"]}}],"collection":[{"href":"https:\/\/www.taxi-meubles.ch\/fr\/wp-json\/wp\/v2\/pages"}],"about":[{"href":"https:\/\/www.taxi-meubles.ch\/fr\/wp-json\/wp\/v2\/types\/page"}],"author":[{"embeddable":true,"href":"https:\/\/www.taxi-meubles.ch\/fr\/wp-json\/wp\/v2\/users\/3"}],"replies":[{"embeddable":true,"href":"https:\/\/www.taxi-meubles.ch\/fr\/wp-json\/wp\/v2\/comments?post=111"}],"version-history":[{"count":25,"href":"https:\/\/www.taxi-meubles.ch\/fr\/wp-json\/wp\/v2\/pages\/111\/revisions"}],"predecessor-version":[{"id":1578,"href":"https:\/\/www.taxi-meubles.ch\/fr\/wp-json\/wp\/v2\/pages\/111\/revisions\/1578"}],"wp:attachment":[{"href":"https:\/\/www.taxi-meubles.ch\/fr\/wp-json\/wp\/v2\/media?parent=111"}],"curies":[{"name":"wp","href":"https:\/\/api.w.org\/{rel}","templated":true}]}}